{"id":290,"date":"2020-12-22T12:18:04","date_gmt":"2020-12-22T12:18:04","guid":{"rendered":"https:\/\/futsalpanthers.koeln\/?page_id=290"},"modified":"2025-08-24T21:04:45","modified_gmt":"2025-08-24T20:04:45","slug":"ueber-die-panthers","status":"publish","type":"page","link":"https:\/\/futsalpanthers.koeln\/?page_id=290","title":{"rendered":"Chronik"},"content":{"rendered":"\t\t<div data-elementor-type=\"wp-page\" data-elementor-id=\"290\" class=\"elementor elementor-290\">\n\t\t\t\t\t\t<section class=\"elementor-section elementor-top-section elementor-element elementor-element-6121867 elementor-section-height-min-height elementor-section-boxed elementor-section-height-default elementor-section-items-middle\" data-id=\"6121867\" data-element_type=\"section\" data-settings=\"{&quot;background_background&quot;:&quot;classic&quot;,&quot;shape_divider_bottom&quot;:&quot;opacity-tilt&quot;}\">\n\t\t\t\t\t\t\t<div class=\"elementor-background-overlay\"><\/div>\n\t\t\t\t\t\t<div class=\"elementor-shape elementor-shape-bottom\" aria-hidden=\"true\" data-negative=\"false\">\n\t\t\t<svg xmlns=\"http:\/\/www.w3.org\/2000\/svg\" viewBox=\"0 0 2600 131.1\" preserveAspectRatio=\"none\">\n\t<path class=\"elementor-shape-fill\" d=\"M0 0L2600 0 2600 69.1 0 0z\"\/>\n\t<path class=\"elementor-shape-fill\" style=\"opacity:0.5\" d=\"M0 0L2600 0 2600 69.1 0 69.1z\"\/>\n\t<path class=\"elementor-shape-fill\" style=\"opacity:0.25\" d=\"M2600 0L0 0 0 130.1 2600 69.1z\"\/>\n<\/svg>\t\t<\/div>\n\t\t\t\t\t<div class=\"elementor-container elementor-column-gap-default\">\n\t\t\t\t\t<div class=\"elementor-column elementor-col-100 elementor-top-column elementor-element elementor-element-4e84025\" data-id=\"4e84025\" data-element_type=\"column\">\n\t\t\t<div class=\"elementor-widget-wrap elementor-element-populated\">\n\t\t\t\t\t\t<div class=\"elementor-element elementor-element-71c5b52 elementor-widget elementor-widget-heading\" data-id=\"71c5b52\" data-element_type=\"widget\" data-widget_type=\"heading.default\">\n\t\t\t\t<div class=\"elementor-widget-container\">\n\t\t\t\t\t<h1 class=\"elementor-heading-title elementor-size-xxl\">Chronik<\/h1>\t\t\t\t<\/div>\n\t\t\t\t<\/div>\n\t\t\t\t<div class=\"elementor-element elementor-element-457aa30 elementor-hidden-phone elementor-widget elementor-widget-text-editor\" data-id=\"457aa30\" data-element_type=\"widget\" data-widget_type=\"text-editor.default\">\n\t\t\t\t<div class=\"elementor-widget-container\">\n\t\t\t\t\t\t\t\t\t<h4>2005 gegr\u00fcndet und 20 Jahre sp\u00e4ter Deutschlands gr\u00f6\u00dfter Futsalverein!\u00a0<\/h4>\t\t\t\t\t\t\t\t<\/div>\n\t\t\t\t<\/div>\n\t\t\t\t\t<\/div>\n\t\t<\/div>\n\t\t\t\t\t<\/div>\n\t\t<\/section>\n\t\t\t\t<section class=\"elementor-section elementor-top-section elementor-element elementor-element-fb96f49 elementor-section-boxed elementor-section-height-default elementor-section-height-default\" data-id=\"fb96f49\" data-element_type=\"section\">\n\t\t\t\t\t\t<div class=\"elementor-container elementor-column-gap-default\">\n\t\t\t\t\t<div class=\"elementor-column elementor-col-100 elementor-top-column elementor-element elementor-element-53d2193\" data-id=\"53d2193\" data-element_type=\"column\">\n\t\t\t<div class=\"elementor-widget-wrap elementor-element-populated\">\n\t\t\t\t\t\t<div class=\"elementor-element elementor-element-dcdfa03 elementor-widget elementor-widget-heading\" data-id=\"dcdfa03\" data-element_type=\"widget\" data-widget_type=\"heading.default\">\n\t\t\t\t<div class=\"elementor-widget-container\">\n\t\t\t\t\t<h2 class=\"elementor-heading-title elementor-size-default\">Von der K\u00f6lner Sporthochschule in die DFB Futsal-Bundesliga<\/h2>\t\t\t\t<\/div>\n\t\t\t\t<\/div>\n\t\t\t\t\t<\/div>\n\t\t<\/div>\n\t\t\t\t\t<\/div>\n\t\t<\/section>\n\t\t\t\t<section class=\"elementor-section elementor-top-section elementor-element elementor-element-1035d99 elementor-section-boxed elementor-section-height-default elementor-section-height-default\" data-id=\"1035d99\" data-element_type=\"section\">\n\t\t\t\t\t\t<div class=\"elementor-container elementor-column-gap-default\">\n\t\t\t\t\t<div class=\"elementor-column elementor-col-50 elementor-top-column elementor-element elementor-element-ec2cde4\" data-id=\"ec2cde4\" data-element_type=\"column\">\n\t\t\t<div class=\"elementor-widget-wrap elementor-element-populated\">\n\t\t\t\t\t\t<div class=\"elementor-element elementor-element-943697a elementor-widget elementor-widget-image\" data-id=\"943697a\" data-element_type=\"widget\" data-widget_type=\"image.default\">\n\t\t\t\t<div class=\"elementor-widget-container\">\n\t\t\t\t\t\t\t\t\t\t\t\t\t\t\t<img fetchpriority=\"high\" decoding=\"async\" width=\"1024\" height=\"576\" src=\"https:\/\/futsalpanthers.koeln\/wp-content\/uploads\/2025\/08\/Zweite-FPK-2023-3-1024x576.png\" class=\"attachment-large size-large wp-image-3387\" alt=\"\" srcset=\"https:\/\/futsalpanthers.koeln\/wp-content\/uploads\/2025\/08\/Zweite-FPK-2023-3-1024x576.png 1024w, https:\/\/futsalpanthers.koeln\/wp-content\/uploads\/2025\/08\/Zweite-FPK-2023-3-300x169.png 300w, https:\/\/futsalpanthers.koeln\/wp-content\/uploads\/2025\/08\/Zweite-FPK-2023-3-768x432.png 768w, https:\/\/futsalpanthers.koeln\/wp-content\/uploads\/2025\/08\/Zweite-FPK-2023-3-1536x864.png 1536w, https:\/\/futsalpanthers.koeln\/wp-content\/uploads\/2025\/08\/Zweite-FPK-2023-3.png 1920w\" sizes=\"(max-width: 1024px) 100vw, 1024px\" \/>\t\t\t\t\t\t\t\t\t\t\t\t\t\t\t<\/div>\n\t\t\t\t<\/div>\n\t\t\t\t\t<\/div>\n\t\t<\/div>\n\t\t\t\t<div class=\"elementor-column elementor-col-50 elementor-top-column elementor-element elementor-element-44c2f84\" data-id=\"44c2f84\" data-element_type=\"column\">\n\t\t\t<div class=\"elementor-widget-wrap elementor-element-populated\">\n\t\t\t\t\t\t<div class=\"elementor-element elementor-element-fd89597 elementor-widget elementor-widget-text-editor\" data-id=\"fd89597\" data-element_type=\"widget\" data-widget_type=\"text-editor.default\">\n\t\t\t\t<div class=\"elementor-widget-container\">\n\t\t\t\t\t\t\t\t\t<p><span style=\"color: #000000;\">Begeistert von Spektakel, Tricks und der Faszination des Stra\u00dfenfussballs, schlossen sich Studenten der Deutschen Sporthochschule K\u00f6ln zusammen. Ihr Ziel: Futsal von den Stra\u00dfen S\u00fcdamerikas und der Iberischen Halbinsel in die Sporthallen Deutschlands zu bringen.<\/span><\/p><p><span style=\"color: #000000;\">2005 gegr\u00fcndet sind wir der \u00e4lteste Futsalverein der Stadt und der zweit\u00e4lteste Deutschlands. Die Vereinsgr\u00fcnder waren Studenten der\u00a0<\/span><a style=\"color: #000000;\" title=\"Deutsche Sporthochschule K\u00f6ln\" href=\"https:\/\/de.wikipedia.org\/wiki\/Deutsche_Sporthochschule_K%C3%B6ln\">Deutschen Sporthochschule<\/a><span style=\"color: #000000;\">. Noch im Gr\u00fcndungsjahr qualifizierte sich die Mannschaft f\u00fcr die neu geschaffene\u00a0<\/span><a style=\"color: #000000;\" title=\"Futsalliga West\" href=\"https:\/\/de.wikipedia.org\/wiki\/Futsalliga_West\">WFLV-Futsal-Liga<\/a><span style=\"color: #000000;\">\u00a0und wurde 2009 dessen Vizemeister.<\/span><span style=\"color: #000000;\">\u00a0Die K\u00f6lner qualifizierten sich f\u00fcr den\u00a0<\/span><a style=\"color: #000000;\" title=\"DFB-Futsal-Cup 2009\" href=\"https:\/\/de.wikipedia.org\/wiki\/DFB-Futsal-Cup_2009\">DFB-Futsal-Cup 2009<\/a><span style=\"color: #000000;\">\u00a0und konnten sich nach einem 14:13 nach Sechsmeterschie\u00dfen gegen den\u00a0<\/span><a style=\"color: #000000;\" title=\"VfV 06 Hildesheim\" href=\"https:\/\/de.wikipedia.org\/wiki\/VfV_06_Hildesheim\">VfV 06 Hildesheim<\/a><span style=\"color: #000000;\">\u00a0den deutschen Meistertitel sichern.\u00a0<\/span><\/p>\t\t\t\t\t\t\t\t<\/div>\n\t\t\t\t<\/div>\n\t\t\t\t\t<\/div>\n\t\t<\/div>\n\t\t\t\t\t<\/div>\n\t\t<\/section>\n\t\t\t\t<section class=\"elementor-section elementor-top-section elementor-element elementor-element-4414900 elementor-section-boxed elementor-section-height-default elementor-section-height-default\" data-id=\"4414900\" data-element_type=\"section\">\n\t\t\t\t\t\t<div class=\"elementor-container elementor-column-gap-default\">\n\t\t\t\t\t<div class=\"elementor-column elementor-col-50 elementor-top-column elementor-element elementor-element-be8f364\" data-id=\"be8f364\" data-element_type=\"column\">\n\t\t\t<div class=\"elementor-widget-wrap elementor-element-populated\">\n\t\t\t\t\t\t<div class=\"elementor-element elementor-element-538dfe7 elementor-widget elementor-widget-text-editor\" data-id=\"538dfe7\" data-element_type=\"widget\" data-widget_type=\"text-editor.default\">\n\t\t\t\t<div class=\"elementor-widget-container\">\n\t\t\t\t\t\t\t\t\t<p><span style=\"color: #000000;\">Zwei Jahre sp\u00e4ter wurden wir erstmals Meister der WFLV-Futsal-Liga.\u00a0<\/span><a style=\"color: #000000;\" title=\"DFB-Futsal-Cup 2012\" href=\"https:\/\/de.wikipedia.org\/wiki\/DFB-Futsal-Cup_2012\">2012<\/a><span style=\"color: #000000;\">\u00a0erreichten die Futsal Panthers erneut das Endspiel des DFB-Futsal-Cups, verloren allerdings gegen die\u00a0<\/span><a style=\"color: #000000;\" title=\"Hamburg Panthers\" href=\"https:\/\/de.wikipedia.org\/wiki\/Hamburg_Panthers\">Hamburg Panthers<\/a><span style=\"color: #000000;\">\u00a0mit 2:4. Nach einem personellen Umbruch stiegen die K\u00f6lner ein Jahr sp\u00e4ter nach verlorener Relegation aus der WFLV-Futsal-Liga ab. Schon in der folgenden Saison 2013\/14 folgte der sofortige Wiederaufstieg.<\/span><\/p><p><span style=\"color: #000000;\">Zwei Jahre sp\u00e4ter verpassten wir nur aufgrund des schlechteren\u00a0<\/span><a style=\"color: #000000;\" title=\"Direkter Vergleich\" href=\"https:\/\/de.wikipedia.org\/wiki\/Direkter_Vergleich\">Direkter Vergleich<\/a><span style=\"color: #000000;\">\u00a0gegen\u00fcber dem\u00a0<\/span><a style=\"color: #000000;\" title=\"MCH Futsal Club Sennestadt\" href=\"https:\/\/de.wikipedia.org\/wiki\/MCH_Futsal_Club_Sennestadt\">MCH Futsal Club Sennestadt<\/a><span style=\"color: #000000;\">\u00a0die Vizemeisterschaft und die erneute Qualifikation f\u00fcr den nunmehr &#8222;<\/span><a style=\"color: #000000;\" title=\"Deutsche Futsal-Meisterschaft\" href=\"https:\/\/de.wikipedia.org\/wiki\/Deutsche_Futsal-Meisterschaft\">Deutsche Futsal-Meisterschaft<\/a><span style=\"color: #000000;\">&#8220;\u00a0genannten Wettbewerb. 2015 wurde zudem unser Frauen-Team gegr\u00fcndet, wodurch wir zu den\u00a0zu den Gr\u00fcndungsmitgliedern der\u00a0<\/span><a style=\"color: #000000;\" title=\"Futsalliga West (Frauen)\" href=\"https:\/\/de.wikipedia.org\/wiki\/Futsalliga_West_(Frauen)\">WFLV-Futsal-Liga der Frauen<\/a><span style=\"color: #000000;\">\u00a0geh\u00f6ren.<\/span><\/p>\t\t\t\t\t\t\t\t<\/div>\n\t\t\t\t<\/div>\n\t\t\t\t\t<\/div>\n\t\t<\/div>\n\t\t\t\t<div class=\"elementor-column elementor-col-50 elementor-top-column elementor-element elementor-element-ab1c6e7\" data-id=\"ab1c6e7\" data-element_type=\"column\">\n\t\t\t<div class=\"elementor-widget-wrap elementor-element-populated\">\n\t\t\t\t\t\t<div class=\"elementor-element elementor-element-4d5b247 elementor-widget elementor-widget-image\" data-id=\"4d5b247\" data-element_type=\"widget\" data-widget_type=\"image.default\">\n\t\t\t\t<div class=\"elementor-widget-container\">\n\t\t\t\t\t\t\t\t\t\t\t\t\t\t\t<img decoding=\"async\" width=\"1024\" height=\"683\" src=\"https:\/\/futsalpanthers.koeln\/wp-content\/uploads\/2020\/12\/190420_FPANTHER_SSVJR_078-1024x683-1.jpg\" class=\"attachment-large size-large wp-image-395\" alt=\"\" srcset=\"https:\/\/futsalpanthers.koeln\/wp-content\/uploads\/2020\/12\/190420_FPANTHER_SSVJR_078-1024x683-1.jpg 1024w, https:\/\/futsalpanthers.koeln\/wp-content\/uploads\/2020\/12\/190420_FPANTHER_SSVJR_078-1024x683-1-300x200.jpg 300w, https:\/\/futsalpanthers.koeln\/wp-content\/uploads\/2020\/12\/190420_FPANTHER_SSVJR_078-1024x683-1-768x512.jpg 768w, https:\/\/futsalpanthers.koeln\/wp-content\/uploads\/2020\/12\/190420_FPANTHER_SSVJR_078-1024x683-1-930x620.jpg 930w\" sizes=\"(max-width: 1024px) 100vw, 1024px\" \/>\t\t\t\t\t\t\t\t\t\t\t\t\t\t\t<\/div>\n\t\t\t\t<\/div>\n\t\t\t\t\t<\/div>\n\t\t<\/div>\n\t\t\t\t\t<\/div>\n\t\t<\/section>\n\t\t\t\t<section class=\"elementor-section elementor-top-section elementor-element elementor-element-0d38a5c elementor-section-boxed elementor-section-height-default elementor-section-height-default\" data-id=\"0d38a5c\" data-element_type=\"section\">\n\t\t\t\t\t\t<div class=\"elementor-container elementor-column-gap-default\">\n\t\t\t\t\t<div class=\"elementor-column elementor-col-50 elementor-top-column elementor-element elementor-element-0a44d09\" data-id=\"0a44d09\" data-element_type=\"column\">\n\t\t\t<div class=\"elementor-widget-wrap elementor-element-populated\">\n\t\t\t\t\t\t<div class=\"elementor-element elementor-element-9f263f3 elementor-widget elementor-widget-video\" data-id=\"9f263f3\" data-element_type=\"widget\" data-settings=\"{&quot;youtube_url&quot;:&quot;https:\\\/\\\/youtu.be\\\/8DaylTetMS0&quot;,&quot;autoplay&quot;:&quot;yes&quot;,&quot;play_on_mobile&quot;:&quot;yes&quot;,&quot;mute&quot;:&quot;yes&quot;,&quot;loop&quot;:&quot;yes&quot;,&quot;lazy_load&quot;:&quot;yes&quot;,&quot;video_type&quot;:&quot;youtube&quot;,&quot;controls&quot;:&quot;yes&quot;}\" data-widget_type=\"video.default\">\n\t\t\t\t<div class=\"elementor-widget-container\">\n\t\t\t\t\t\t\t<div class=\"elementor-wrapper elementor-open-inline\">\n\t\t\t<div class=\"elementor-video\"><\/div>\t\t<\/div>\n\t\t\t\t\t\t<\/div>\n\t\t\t\t<\/div>\n\t\t\t\t\t<\/div>\n\t\t<\/div>\n\t\t\t\t<div class=\"elementor-column elementor-col-50 elementor-top-column elementor-element elementor-element-00009de\" data-id=\"00009de\" data-element_type=\"column\">\n\t\t\t<div class=\"elementor-widget-wrap elementor-element-populated\">\n\t\t\t\t\t\t<div class=\"elementor-element elementor-element-36c2e65 elementor-widget elementor-widget-text-editor\" data-id=\"36c2e65\" data-element_type=\"widget\" data-widget_type=\"text-editor.default\">\n\t\t\t\t<div class=\"elementor-widget-container\">\n\t\t\t\t\t\t\t\t\t<p><span style=\"color: #000000;\">Im Jahre\u00a0<a style=\"color: #000000;\" title=\"Futsalliga West 2017\/18\" href=\"https:\/\/de.wikipedia.org\/wiki\/Futsalliga_West_2017\/18\">2018<\/a>\u00a0wurden wir dann Meister der Futsalliga West und qualifizierten uns f\u00fcr die\u00a0<a style=\"color: #000000;\" title=\"Deutsche Futsal-Meisterschaft 2018\" href=\"https:\/\/de.wikipedia.org\/wiki\/Deutsche_Futsal-Meisterschaft_2018\">Deutsche Futsal-Meisterschaft 2018<\/a>. Dort unterlagen wir denkbar knapp im Endspiel dem\u00a0<a style=\"color: #000000;\" title=\"VfL 05 Hohenstein-Ernstthal\" href=\"https:\/\/de.wikipedia.org\/wiki\/VfL_05_Hohenstein-Ernstthal\">VfL 05 Hohenstein-Ernstthal<\/a>\u00a0nach Verl\u00e4ngerung mit 5:6. Nach drei westdeutschen Meistertiteln in Folge (2022, 2023, 2024) folgte im dritten Anlauf der erfolgreiche Aufstieg in die DFB Futsal-Bundesliga.<\/span><\/p><p><span style=\"color: #000000; text-align: center;\">W\u00e4hrend die 1. Herren nun in ihre zweite Saison in der h\u00f6chsten deutschen Spielklasse antritt, verbuchte die 2. Herren 2025 den lange \u00fcberf\u00e4lligen (und nun m\u00f6glichen) Aufstieg in die Futsal Regionalliga West. In der Frauen-Regionalliga tritt nach wie vor unser Damen-Team an. Den frei gewordenen Startplatz in der Mittelrheinliga f\u00fcllen wir zur Saison 2025\/2026 mit unserer 3. Herren.\u00a0<\/span><\/p>\t\t\t\t\t\t\t\t<\/div>\n\t\t\t\t<\/div>\n\t\t\t\t\t<\/div>\n\t\t<\/div>\n\t\t\t\t\t<\/div>\n\t\t<\/section>\n\t\t\t\t<section class=\"elementor-section elementor-top-section elementor-element elementor-element-8169150 elementor-section-boxed elementor-section-height-default elementor-section-height-default\" data-id=\"8169150\" data-element_type=\"section\">\n\t\t\t\t\t\t<div class=\"elementor-container elementor-column-gap-default\">\n\t\t\t\t\t<div class=\"elementor-column elementor-col-100 elementor-top-column elementor-element elementor-element-a71a3db\" data-id=\"a71a3db\" data-element_type=\"column\">\n\t\t\t<div class=\"elementor-widget-wrap elementor-element-populated\">\n\t\t\t\t\t\t<div class=\"elementor-element elementor-element-f256b98 elementor-widget elementor-widget-text-editor\" data-id=\"f256b98\" data-element_type=\"widget\" data-widget_type=\"text-editor.default\">\n\t\t\t\t<div class=\"elementor-widget-container\">\n\t\t\t\t\t\t\t\t\t<h2 style=\"text-align: center;\"><span style=\"color: #000000;\"><strong>Damit stellen wir in jeder f\u00fcr uns m\u00f6glichen Liga ein Team und sind der gr\u00f6\u00dfte und am breitesten aufgestellte reine Futsal-Verein Deutschlands!\u00a0<\/strong><\/span><\/h2>\t\t\t\t\t\t\t\t<\/div>\n\t\t\t\t<\/div>\n\t\t\t\t\t<\/div>\n\t\t<\/div>\n\t\t\t\t\t<\/div>\n\t\t<\/section>\n\t\t\t\t<\/div>\n\t\t","protected":false},"excerpt":{"rendered":"<p>Chronik 2005 gegr\u00fcndet und 20 Jahre sp\u00e4ter Deutschlands gr\u00f6\u00dfter Futsalverein!\u00a0 Von der K\u00f6lner Sporthochschule in die DFB Futsal-Bundesliga Begeistert von Spektakel, Tricks und der Faszination des Stra\u00dfenfussballs, schlossen sich Studenten der Deutschen Sporthochschule K\u00f6ln zusammen. Ihr Ziel: Futsal von den Stra\u00dfen S\u00fcdamerikas und der Iberischen Halbinsel in die Sporthallen Deutschlands zu bringen. 2005 gegr\u00fcndet sind&hellip;&nbsp;<a href=\"https:\/\/futsalpanthers.koeln\/?page_id=290\" rel=\"bookmark\">Weiterlesen &raquo;<span class=\"screen-reader-text\">Chronik<\/span><\/a><\/p>\n","protected":false},"author":1,"featured_media":0,"parent":0,"menu_order":0,"comment_status":"closed","ping_status":"closed","template":"page-templates\/template-pagebuilder-full-width.php","meta":{"_eb_attr":"","neve_meta_sidebar":"full-width","neve_meta_container":"","neve_meta_enable_content_width":"on","neve_meta_content_width":100,"neve_meta_title_alignment":"","neve_meta_author_avatar":"","neve_post_elements_order":"","neve_meta_disable_header":"","neve_meta_disable_footer":"","neve_meta_disable_title":"on","footnotes":""},"class_list":["post-290","page","type-page","status-publish","hentry"],"_links":{"self":[{"href":"https:\/\/futsalpanthers.koeln\/index.php?rest_route=\/wp\/v2\/pages\/290","targetHints":{"allow":["GET"]}}],"collection":[{"href":"https:\/\/futsalpanthers.koeln\/index.php?rest_route=\/wp\/v2\/pages"}],"about":[{"href":"https:\/\/futsalpanthers.koeln\/index.php?rest_route=\/wp\/v2\/types\/page"}],"author":[{"embeddable":true,"href":"https:\/\/futsalpanthers.koeln\/index.php?rest_route=\/wp\/v2\/users\/1"}],"replies":[{"embeddable":true,"href":"https:\/\/futsalpanthers.koeln\/index.php?rest_route=%2Fwp%2Fv2%2Fcomments&post=290"}],"version-history":[{"count":59,"href":"https:\/\/futsalpanthers.koeln\/index.php?rest_route=\/wp\/v2\/pages\/290\/revisions"}],"predecessor-version":[{"id":3390,"href":"https:\/\/futsalpanthers.koeln\/index.php?rest_route=\/wp\/v2\/pages\/290\/revisions\/3390"}],"wp:attachment":[{"href":"https:\/\/futsalpanthers.koeln\/index.php?rest_route=%2Fwp%2Fv2%2Fmedia&parent=290"}],"curies":[{"name":"wp","href":"https:\/\/api.w.org\/{rel}","templated":true}]}}